{"id":988,"date":"2023-08-21T20:10:28","date_gmt":"2023-08-21T18:10:28","guid":{"rendered":"https:\/\/careandpeer.ch\/impressum-datenschutz\/"},"modified":"2023-10-04T15:41:31","modified_gmt":"2023-10-04T13:41:31","slug":"impressum-datenschutz","status":"publish","type":"page","link":"https:\/\/careandpeer.ch\/fr\/impressum-datenschutz\/","title":{"rendered":"Impressum \/ Protection des donn\u00e9es"},"content":{"rendered":"\n<style type=\"text\/css\" data-created_by=\"avia_inline_auto\" id=\"style-css-av-lai6i5s2-f9d635d0bea73240a8aee2a494d8d789\">\n.avia-section.av-lai6i5s2-f9d635d0bea73240a8aee2a494d8d789{\nbackground-color:#eae7e4;\nbackground-image:unset;\n}\n<\/style>\n<div id='av_section_1'  class='avia-section av-lai6i5s2-f9d635d0bea73240a8aee2a494d8d789 main_color avia-section-default avia-no-border-styling  avia-builder-el-0  el_before_av_section  avia-builder-el-first  avia-bg-style-scroll container_wrap fullsize'  ><div class='container av-section-cont-open' ><main  role=\"main\" itemprop=\"mainContentOfPage\"  class='template-page content  av-content-full alpha units'><div class='post-entry post-entry-type-page post-entry-988'><div class='entry-content-wrapper clearfix'>\n\n<style type=\"text\/css\" data-created_by=\"avia_inline_auto\" id=\"style-css-av-lai6hzs0-e73e705abb80b21a5f266da004b485f0\">\n#top .av_textblock_section.av-lai6hzs0-e73e705abb80b21a5f266da004b485f0 .avia_textblock{\ncolor:#2b6d81;\n}\n<\/style>\n<section  class='av_textblock_section av-lai6hzs0-e73e705abb80b21a5f266da004b485f0'  itemscope=\"itemscope\" itemtype=\"https:\/\/schema.org\/CreativeWork\" ><div class='avia_textblock av_inherit_color'  itemprop=\"text\" ><h1>Impressum \/ Protection des donn\u00e9es \/ Conditions d\u2019utilisation<\/h1>\n<\/div><\/section>\n\n<style type=\"text\/css\" data-created_by=\"avia_inline_auto\" id=\"style-css-av-37js-a54f3e8da61baadba5a378097380a402\">\n#top .av_textblock_section.av-37js-a54f3e8da61baadba5a378097380a402 .avia_textblock{\ncolor:#2b6d81;\n}\n<\/style>\n<section  id=\"impressum\"  class='av_textblock_section av-37js-a54f3e8da61baadba5a378097380a402'  itemscope=\"itemscope\" itemtype=\"https:\/\/schema.org\/CreativeWork\" ><div class='avia_textblock av_inherit_color'  itemprop=\"text\" ><h2>Impressum<\/h2>\n<p><strong>Adresse de contact<\/strong><\/p>\n<p style=\"font-weight: 400;\">Care&amp;Peer Practice (CPP)<br \/>\nc\/o Stiftung Carelink<br \/>\nS\u00e4gereistrasse 20<br \/>\nCH-8152 Glattbrugg<br \/>\n+41 44 876 50 51<br \/>\ninfo@careandpeer.ch<\/p>\n<p style=\"font-weight: 400;\"><strong>Conception et mise en page<\/strong><\/p>\n<p style=\"font-weight: 400;\">furrerhugi. ag<br \/>\nSchauplatzgasse 39<br \/>\n3011 Bern<\/p>\n<p style=\"font-weight: 400;\"><strong>D\u00e9veloppemet et h\u00e9bergement<\/strong><\/p>\n<p style=\"font-weight: 400;\">furrerhugi. ag<br \/>\nSchauplatzgasse 39<br \/>\n3011 Bern<\/p>\n<\/div><\/section>\n<\/div><\/div><\/main><!-- close content main element --><\/div><\/div>\n<style type=\"text\/css\" data-created_by=\"avia_inline_auto\" id=\"style-css-av-56ajbe-481e1810807415dda60d74ae9ba85e89\">\n.avia-section.av-56ajbe-481e1810807415dda60d74ae9ba85e89{\nbackground-color:#eae7e4;\nbackground-image:unset;\n}\n<\/style>\n<div id='datenschutz'  class='avia-section av-56ajbe-481e1810807415dda60d74ae9ba85e89 main_color avia-section-default avia-no-border-styling  avia-builder-el-3  el_after_av_section  el_before_av_section  avia-bg-style-scroll container_wrap fullsize'  ><div class='container av-section-cont-open' ><div class='template-page content  av-content-full alpha units'><div class='post-entry post-entry-type-page post-entry-988'><div class='entry-content-wrapper clearfix'>\n\n<style type=\"text\/css\" data-created_by=\"avia_inline_auto\" id=\"style-css-av-lll6xnfd-cf18afae21bf5a1e6a5ff7212e2ceae1\">\n#top .av_textblock_section.av-lll6xnfd-cf18afae21bf5a1e6a5ff7212e2ceae1 .avia_textblock{\ncolor:#2b6d81;\n}\n<\/style>\n<section  class='av_textblock_section av-lll6xnfd-cf18afae21bf5a1e6a5ff7212e2ceae1'  itemscope=\"itemscope\" itemtype=\"https:\/\/schema.org\/CreativeWork\" ><div class='avia_textblock av_inherit_color'  itemprop=\"text\" ><h2>Datenschutzerkl\u00e4rung<\/h2>\n<p><strong>Version September 2023 \/ Stiftung Carelink<br \/>\n<\/strong><br \/>\nWir respektieren Ihre Privatsph\u00e4re und der Datenschutz ist uns wichtig. Diese Datenschutzerkl\u00e4rung informiert die Kunden und Kundinnen unserer Unternehmung und Nutzerinnen und Nutzer dieser Website gem\u00e4ss Schweizer- und EU-Datenschutzrecht \u00fcber die Art, den Umfang und den Zweck der Erhebung und Verwendung von Personendaten. Wir informieren Sie stets transparent dar\u00fcber, wof\u00fcr wir Ihre Daten ben\u00f6tigen und ob bzw. wie lange wir diese speichern.<\/p>\n<p>Wir haben technische und organisatorische Massnahmen getroffen, die sicherstellen, dass die Vorschriften \u00fcber den Datenschutz sowohl von uns als auch von unseren externen Dienstleistern eingehalten werden. Personendaten m\u00fcssen auf rechtm\u00e4ssige Weise, nach Treu und Glauben und in einer f\u00fcr die betroffene Person nachvollziehbaren Weise bearbeitet werden.<br \/>\nWir handeln nach den Grunds\u00e4tzen des DSG, n\u00e4mlich im Lichte der Transparenz, Zweckbindung, Fairness, Datenminimierung, begrenzten Speicherfristen, Datenrichtigkeit, Datensicherheit, Privacy by Design und Privacy by Default.<\/p>\n<p>Datenschutz ist ein wichtiges Anliegen f\u00fcr die Stiftung Carelink. In dieser Datenschutzerkl\u00e4rung wird erl\u00e4utert, wie und zu welchem Zweck die Stiftung Carelink Personendaten erhebt und weiterbearbeitet. Als Personendaten gelten dabei s\u00e4mtliche Angaben, die sich auf eine bestimmte oder bestimmbare Person beziehen. Die Stiftung Carelink bearbeitet s\u00e4mtliche Daten gest\u00fctzt auf die anwendbaren gesetzlichen Bestimmungen, insbesondere das schweizerische Datenschutzgesetz (DSG) und die Datenschutz-Grundverordnung der EU (DSGVO). Die Stiftung Carelink trifft angemessene technische und organisatorische Sicherheitsmassnahmen, um Personendaten vor Verlust, Zerst\u00f6rung, unberechtigtem Zugriff und Missbrauch zu sch\u00fctzen.<\/p>\n<p>Prim\u00e4r orientiert diese Datenschutzerkl\u00e4rung \u00fcber das Folgende:<\/p>\n<ul>\n<li>welche Personendaten erheben und bearbeiten wir;<\/li>\n<li>zu welchen Zwecken verwenden wir Ihre Personendaten;<\/li>\n<li>wer hat Zugang zu Ihren Personendaten;<\/li>\n<li>welchen Nutzen hat unsere Datenbearbeitung f\u00fcr Sie;<\/li>\n<li>Dauer der Bearbeitung und Speicherung Ihrer Personendaten;<\/li>\n<li>Ihre Rechte mit Bezug auf Ihre Personendaten;<\/li>\n<li>und unsere Kontaktadressen.<\/li>\n<\/ul>\n<p>Bitte beachten Sie, dass die Stiftung Carelink diese Datenschutzerkl\u00e4rung jederzeit ohne Vorank\u00fcndigung anpassen kann. Es gilt die jeweils aktuelle, auf den Webseiten der Stiftung Carelink unter www.carelink.ch und www.careandpeer.ch (nachfolgend die \u201eWebseiten\u201e) ver\u00f6ffentlichte Fassung.<\/p>\n<h2>Begriffe<\/h2>\n<p><strong>Personendaten<\/strong><br \/>\nPersonendaten im Sinne des DSG und der DSGVO sind alle Informationen, die sich auf eine identifizierte oder identifizierbare nat\u00fcrliche Person beziehen; als identifizierbar wird eine nat\u00fcrliche Person angesehen, die direkt oder indirekt, insbesondere mittels Zuordnung zu einer Kennung wie einem Namen, zu einer Kennnummer, zu Standortdaten, zu einer Online-Kennung oder zu einem oder mehreren besonderen Merkmalen identifiziert werden kann, die Ausdruck der physischen, physiologischen, genetischen, psychischen, wirtschaftlichen, kulturellen oder sozialen Identit\u00e4t dieser nat\u00fcrlichen Person sind. Personendaten sind beispielsweise Namen, Adressen, E-Mail-Adressen etc.<\/p>\n<p><strong>Besonders sch\u00fctzenswerte Personendaten<\/strong><br \/>\nBestimmte Arten von Personendaten gelten datenschutzrechtlich als besonders sch\u00fctzenswert. Es handelt sich dabei prim\u00e4r aber nicht abschliessend um Gesundheitsdaten, biometrische Merkmale oder DNA-Profile.<\/p>\n<p>Besonders sch\u00fctzenswerte Personendaten bearbeiten wir nur, wenn es f\u00fcr die Erbringung einer Leistung zwingend erforderlich ist, Sie diese Daten von sich aus bekannt gegeben oder in die Bearbeitung eingewilligt haben. Solche Daten werden prim\u00e4r weder an Dritte noch ins Ausland weitergegeben.<\/p>\n<p><b> Bearbeitung<\/b><br \/>\n\u00abVerarbeitung bzw. Bearbeitung\u00bb bedeutet jeder Umgang mit Personendaten, unabh\u00e4ngig von den angewandten Mitteln und Verfahren, insbesondere das Beschaffen, Speichern, Aufbewahren, Verwenden, Ver\u00e4ndern, Bekanntgeben, Archivieren, L\u00f6schen oder Vernichten von Daten.<\/p>\n<p><b>Verantwortlicher<\/b><br \/>\nVerantwortlicher ist derjenige, der den Zweck und die Mittel einer Bearbeitung vorgibt, d.h. der entscheidet, dass \u00fcberhaupt Personendaten bearbeitet werden, und welche wesentlichen Bedingungen daf\u00fcr gelten.<\/p>\n<p><b>Auftragsbearbeiter<\/b><br \/>\nAuftragsbearbeiter ist derjenige, der eine fremde Datenbearbeitung besorgt. Der Auftragsbearbeiter entscheidet zwar selbst, dass er sein Gesch\u00e4ft betreibt und dass er Daten des Verantwortlichen bearbeitet, aber dass diese Bearbeitung \u00fcberhaupt stattfindet, bleibt die Entscheidung des Verantwortlichen. Der Verantwortliche hat ein Weisungsrecht gegen\u00fcber dem Auftragsbearbeiter.<\/p>\n<p><strong>Verantwortlicher<\/strong><br \/>\nVerantwortlich f\u00fcr die in dieser Datenschutzerkl\u00e4rung beschriebenen Datenbearbeitungen ist die Stiftung Carelink:<br \/>\nStiftung Carelink<br \/>\nS\u00e4gereistrasse 20<br \/>\n8152 Glattbrugg<br \/>\nTel.: +41 44 876 50 50<br \/>\nE-Mail: datenschutz@carelink.ch<br \/>\nWenn Sie ein datenschutzrechtliches Anliegen haben, k\u00f6nnen Sie die Stiftung Carelink unter den vorstehenden Adressdetails kontaktieren.<\/p>\n<h2>Rechtsgrundlagen zur Datenbearbeitung<\/h2>\n<p>Die Bearbeitung von Personendaten st\u00fctz sich je nach Bearbeitungszweck auf unterschiedliche Rechtsgrundlagen. Prim\u00e4r ist in der Schweiz die Datenbearbeitung zul\u00e4ssig, sofern diese nicht durch Gesetz (DSG oder DSGVO) verboten ist.<\/p>\n<p>Die Datenbearbeitung ist in Erf\u00fcllung eines Vertrags zul\u00e4ssig unabh\u00e4ngig oder sogar gegen den Willen des Betroffenen.<\/p>\n<p>Weiter erlauben uns berechtigte Interessen zur Datenbearbeitung. Berechtigte Interessen k\u00f6nnen ideeller als auch wirtschaftlicher Natur sein. Als anerkannter Zweck gilt beispielsweise die Direktwerbung. Darunter f\u00e4llt das Ansprechen von Personen mit werblichen Informationen bspw. durch Telefon, E-Mail oder Brief.<\/p>\n<p>Weiter ist jeder Datenbearbeitung zul\u00e4ssig, die auf Ihrer Einwilligung beruht oder zur Einhaltung von in- oder ausl\u00e4ndischen Rechtsvorschriften erforderlich ist.<\/p>\n<h2>Erhebung und Bearbeitung von Personendaten<\/h2>\n<p>Die Stiftung Carelink bearbeitet insbesondere Personendaten, welche sie von ihren Kundinnen und Kunden, deren Mitarbeitenden sowie anderen Gesch\u00e4ftspartnern und Personen im Rahmen ihrer Dienstleistungen und Gesch\u00e4ftst\u00e4tigkeit erh\u00e4lt und\/oder welche sie beim Betrieb ihrer Webseite von deren Nutzern erhebt. Solche Personendaten umfassen insbesondere Namen und Kontaktangaben, soziodemographische Daten, Daten im Zusammenhang mit der Benutzung der Webseite sowie alle weiteren Informationen, welche die Kundinnen und Kunden, deren Mitarbeitende, andere Gesch\u00e4ftspartner und Personen der Stiftung Carelink zur Verf\u00fcgung stellen. In Bezug auf die Mitarbeitenden der Kundinnen und Kunden sowie weiteren Personen umfassen solche Personendaten zudem Informationen \u00fcber den psychischen\/physischen Gesundheitszustand des\/der Mitarbeitenden oder der betroffenen Person.<\/p>\n<p>Personendaten geben Sie uns h\u00e4ufig selbst bekannt, bspw. indem Sie mit uns kommunizieren und dabei Daten \u00fcbermitteln und uns zur Verf\u00fcgung stellen.<\/p>\n<p>Dies erfolgt beispielsweise in folgenden Konstellationen:<\/p>\n<ul>\n<li>Sie schliessen einen Vertrag mit uns ab;<\/li>\n<li>Sie brauchen psychosoziale Unterst\u00fctzung bei einem Care-indiziertem Ereignis<\/li>\n<li>Sie registrieren sich f\u00fcr andere Angebote, zum Beispiel unseren Newsletter.<\/li>\n<\/ul>\n<p>Das Bereitstellen von Personendaten erfolgt prim\u00e4r freiwillig. Zur Vertragsabwicklung und -erf\u00fcllung oder bei einem Care-indiziertem Ereignis m\u00fcssen wir allerdings gewisse Personendaten erheben und bearbeiten. Auch bestehen gesetzliche Aufbewahrungspflichten. Andernfalls k\u00f6nnen wir den betreffenden Vertrag nicht abschliessen, erf\u00fcllen oder weiterf\u00fchren. Zur Vertragserf\u00fcllung ist das Bearbeiten von Personendaten grunds\u00e4tzlich erlaubt.<\/p>\n<p>Wenn Sie uns Daten \u00fcber andere Personen (Freunde oder Familienmitglieder) \u00fcbermitteln, d\u00fcrfen wir davon ausgehen, Sie seien dazu befugt und diese Daten seien richtig. Weiter stellen Sie sicher, dass diese anderen Personen \u00fcber diese Datenschutzerkl\u00e4rung informiert wurden.<\/p>\n<p><b>Erhobene Daten<\/b><br \/>\nPersonendaten k\u00f6nnen auch automatisiert erhoben werden, bspw. online. Es handelt sich dabei oft um Verhaltens- und Transaktionsdaten sowie um technische Daten (Zeitpunkt Aufruf Webseite, Zahlungsmoral etc.).<br \/>\nIn folgenden F\u00e4llen k\u00f6nnen bspw. selbst\u00e4ndig Personendaten erhoben werden:<\/p>\n<ul>\n<li>Sie schliessen einen Vertrag online ab;<\/li>\n<li>Sie besuchen eine unserer Webseiten oder verwenden eine unserer Apps;<\/li>\n<li>Sie willigen in unseren Newsletter ein oder interagieren anderweitig mit einer unserer<br \/>\nelektronischen Werbemitteilungen.<\/li>\n<\/ul>\n<p>Aus bereits vorhandenen Personendaten k\u00f6nnen wir bspw. Auswertung von Verhaltens- und Transaktionsdaten weitere Personendaten ableiten. Bei solchen abgeleiteten Personendaten handelt es sich oft um Pr\u00e4ferenzdaten.<\/p>\n<p><b>Erhaltene Daten<br \/>\n<\/b>Personendaten k\u00f6nnen wir von Vertragspartnern erhalten, sofern Sie in deren \u00dcbermittlung an uns einwilligten. Weiter k\u00f6nnen wir Personendaten \u00fcber Sie aus \u00f6ffentlichen Quellen beziehen.<\/p>\n<h2>Zweck der Datenverarbeitung<\/h2>\n<p><b><br \/>\n<\/b>In erster Linie bearbeitet die Stiftung Carelink Personendaten im Zusammenhang mit dem Erbringen ihrer Dienstleistungen, dem Abschluss und der Abwicklung der Vertragsbeziehungen mit ihren Kundinnen und Kunden und anderen Gesch\u00e4ftspartnern sowie mit dem Betrieb ihrer Webseiten.<\/p>\n<p>Die Stiftung Carelink kann Personendaten auch zu weiteren Zwecken bearbeiten, soweit dies gesetzlich erlaubt ist und die Stiftung Carelink an der entsprechenden Datenbearbeitung ein berechtigtes Interesse hat.<br \/>\nSodann kann die Stiftung Carelink Personendaten gest\u00fctzt auf eine Einwilligung bearbeiten (z.B. Versand von Newslettern auf Ihre Anmeldung hin). Eine solche Einwilligung kann jederzeit widerrufen werden. Der Widerruf einer Einwilligung hat jedoch keine Auswirkungen auf eine bereits erfolgte Datenbearbeitung.<\/p>\n<p>Insbesondere bearbeitet die Stiftung Carelink Personendaten zu den folgenden Zwecken:<\/p>\n<ul>\n<li>Erf\u00fcllung ihrer vertraglichen Pflichten<\/li>\n<li>Verwaltung und Abwicklung ihrer Gesch\u00e4ftsbeziehungen<\/li>\n<li>Kommunikation mit ihren Kundinnen, deren Mitarbeitenden sowie \u00fcbrigen Gesch\u00e4ftspartnern<\/li>\n<li>Angebot, Qualit\u00e4tssicherung sowie Weiterentwicklung ihrer Produkte und Dienstleistungen<\/li>\n<li>Unterhalt, Bereitstellung und Verbesserung ihrer Webseiten<\/li>\n<li>Statistische Zwecke<\/li>\n<\/ul>\n<p><b>Vertragsabwicklung<\/b><br \/>\nEbenso m\u00f6chten wir die Vertragserf\u00fcllung zu Ihrer h\u00f6chsten Zufriedenheit gew\u00e4hrleisten. Wir bearbeiten Personendaten deshalb f\u00fcr die Vertragserf\u00fcllung und all den damit direkt oder indirekt zusammenh\u00e4ngenden Bereichen. Der Zweck der Vertragsabwicklung umfasst generell alles, was erforderlich oder zweckm\u00e4ssig ist, um einen Vertrag zu schliessen, durchzuf\u00fchren und zu erf\u00fcllen. Die Vertragsabwicklung umfasst ggf. auch eine vereinbarte Personalisierung von Leistungen.<\/p>\n<p><b>Information und Marketing<br \/>\n<\/b>Wir bearbeiten Personendaten auch zur Beziehungspflege und f\u00fcr Marketingzwecke, bspw. durch Zustellung schriftlicher oder elektronischer Mitteilungen. Solche Mitteilungen k\u00f6nnen personalisiert werden.<\/p>\n<p>Dabei kann es sich um folgende Mitteilungen handeln:<\/p>\n<ul>\n<li>Newsletter<\/li>\n<li>elektronische Nachrichten<\/li>\n<li>Informationen per Post<\/li>\n<li>Jahresberichte, Magazine und andere Drucksachen;<\/li>\n<li>Einladungen zu Anl\u00e4ssen<\/li>\n<\/ul>\n<p>Sie k\u00f6nnen Kontakte zu Marketingzwecken jederzeit widerrufen. Bei Newslettern und anderen elektronischen Mitteilungen m\u00fcssen Sie ohnehin explizit einwilligen.<\/p>\n<p><b>Sicherheit und Pr\u00e4vention<\/b><br \/>\nWir m\u00f6chten Ihre und unsere Sicherheit gew\u00e4hrleisten und Missbr\u00e4uchen vorbeugen. Zur Gew\u00e4hrung Ihrer und unserer Sicherheit sowie zum Vorbeugen von Missbr\u00e4uchen bearbeiten wir Personendaten zu Sicherheitszwecken, zur Gew\u00e4hrleistung der IT-Sicherheit, zur Diebstahls-, Betrugs- und Missbrauchspr\u00e4vention und zu Beweiszwecken. Ihre Personendaten werden wir daher f\u00fcr Sicherheitszwecke erfassen, auswerten und speichern.<\/p>\n<p><b>Rechtspflichten<br \/>\n<\/b>Sofern Rechtspflichten bspw. zur Aufbewahrung oder Bekanntgabe bestehen, werden wir die befolgen. Andernfalls werden wir Ihre Personendaten nicht bekannt geben.<\/p>\n<p><b>Rechtswahrung<br \/>\n<\/b>Zur Durchsetzung unserer Anspr\u00fcche bearbeiten wir Ihre Personendaten, bspw. im Rahmen der Beweissicherung oder Abkl\u00e4rung allf\u00e4lliger Prozessaussichten. Auf Aufforderung hin werden wir Ihre Personendaten Beh\u00f6rden offenlegen.<\/p>\n<h2>Nutzung der Webseite der Stiftung Carelink<\/h2>\n<p><b>Log-Daten und ger\u00e4tespezifische Informationen<br \/>\n<\/b>Wenn Sie die Webseiten der Stiftung Carelink aufrufen und diese nutzen, erhebt und speichert der Provider der Seiten automatisch entsprechende Log-Daten und ger\u00e4tespezifische Informationen, die Ihr Browser automatisch an die Stiftung Carelink \u00fcbermittelt. Diese Daten und Informationen umfassen unter anderem IP-Adresse, Browsertyp und Browserversion, verwendetes Betriebssystem, die Internetseite, von welcher ein zugreifendes System auf die Webseiten gelangt (sogenannte Referrer), Informationen \u00fcber Ihr Ger\u00e4t und dessen Einstellungen sowie Datum und Zeit Ihres Besuchs.<\/p>\n<p><b>Cookies<\/b><br \/>\nDie Webseiten der Stiftung Carelink verwenden Cookies. Cookies sind kleine Textdateien, welche \u00fcber einen Internetbrowser auf Ihrem Computer oder mobilen Ger\u00e4t gespeichert werden, wenn Sie die Webseiten der Stiftung Carelink besuchen. Wenn Sie eine der Webseiten erneut aufrufen, erkennt die Webseite Sie, ohne zu wissen, wer Sie sind. Zweck dieser Wiedererkennung ist es, Ihnen die Verwendung der Webseite zu erleichtern. Durch den Einsatz von Cookies kann die Stiftung Carelink Ihnen nutzerfreundlichere Services bereitstellen, die ohne die Cookie-Setzung nicht m\u00f6glich w\u00e4ren.<\/p>\n<p>Sie k\u00f6nnen Ihren Browser jedoch so einstellen, dass er Cookies deaktiviert, nur f\u00fcr eine Sitzung speichert oder sonst vorzeitig l\u00f6scht. Die meisten Browser sind so voreingestellt, dass sie Cookies akzeptieren. Wenn Sie die Setzung von Cookies deaktivieren, sind unter Umst\u00e4nden nicht alle Funktionen der Webseiten vollumf\u00e4nglich nutzbar.<\/p>\n<p>Weitere Informationen zu Cookies finden sie auf Webseiten wie https:\/\/allaboutcookies.org\/.<\/p>\n<p><b>Google Analytics<br \/>\n<\/b>Die Webseiten der Stiftung Carelink benutzen Google Analytics, einen Webanalysedienst der Google LLC (nachfolgend \u201eGoogle\u201c), USA. Google Analytics verwendet ebenfalls Cookies, mit welchen Ihre Nutzung der Webseiten analysiert wird. Die entsprechenden Informationen werden in der Regel an einen Server von Google in den USA \u00fcbertragen und dort gespeichert. Auf den Webseiten der Stiftung Carelink ist die Funktion IP-Anonymisierung aktiviert. Dadurch wird Ihre IP-Adresse von Google innerhalb von Mitgliedstaaten der Europ\u00e4ischen Union oder in anderen Vertragsstaaten des Abkommens \u00fcber den Europ\u00e4ischen Wirtschaftsraum vor der \u00dcbermittlung in die USA gek\u00fcrzt. Nur in Ausnahmef\u00e4llen wird die volle IP-Adresse an einen Server von Google in den USA \u00fcbertragen und dort gek\u00fcrzt.<\/p>\n<p>Google verwendet entsprechend erhobene Informationen, um Ihre Nutzung der Webseiten auszuwerten, um Berichte \u00fcber die Aktivit\u00e4ten auf den Webseiten f\u00fcr die Stiftung Carelink zusammenzustellen und um weitere mit der Webseitennutzung und der Internetnutzung verbundene Dienstleistungen zu erbringen. Auch wird Google diese Informationen gegebenenfalls an Dritte \u00fcbertragen, sofern dies gesetzlich vorgeschrieben ist oder, soweit Dritte diese Daten im Auftrag von Google verarbeiten. Die im Rahmen von Google Analytics von Ihrem Browser \u00fcbermittelte IP-Adresse wird nicht mit anderen Daten von Google zusammengef\u00fchrt.<\/p>\n<p><b>Soziale Medien<br \/>\n<\/b>Wir betreiben auf sozialen Medien-Plattformen und anderen von Dritten betriebenen Plattformen Seiten und sonstige Online-Pr\u00e4senzen und bearbeiten in diesem Zusammenhang Daten \u00fcber Sie. Dabei erhalten wir Daten von Ihnen und von den Plattformen (z.B. Statistiken). Die Anbieter der Plattformen k\u00f6nnen Ihre Nutzung analysieren und diese Daten zusammen mit anderen Daten, die ihnen \u00fcber Sie vorliegen, bearbeiten. Die Plattformen bearbeiten diese Daten auch f\u00fcr ihre eigenen Zwecke (z.B. Marketing- und Marktforschungszwecke und zur Verwaltung ihrer Plattformen), und handeln zu diesem Zweck als eigene Verantwortliche. Weitere Informationen zur Bearbeitung durch die Plattformbetreiber entnehmen Sie bitte den jeweiligen Datenschutzerkl\u00e4rungen.<\/p>\n<p>Wir nutzen derzeit die folgenden Plattformen, wobei die Identit\u00e4t und Kontaktdaten des Plattformbetreibers jeweils in der Datenschutzerkl\u00e4rung abrufbar sind:<\/p>\n<p><b>Youtube<\/b><br \/>\nwww.youtube.com<br \/>\nDatenschutzerkl\u00e4rung: https:\/\/policies.google.com\/privacy?hl=de<\/p>\n<p><b>LinkedIn<\/b><br \/>\nwww.linkedin.com<br \/>\nDatenschutzerkl\u00e4rung: https:\/\/de.linkedin.com\/legal\/privacy-policy<\/p>\n<p>Wir sind berechtigt, aber nicht verpflichtet, Fremdinhalte vor oder nach ihrer Ver\u00f6ffentlichung auf unseren Online-Pr\u00e4senzen zu \u00fcberpr\u00fcfen, Inhalte ohne Ank\u00fcndigung zu l\u00f6schen und sie gegebenenfalls dem Anbieter der betreffenden Plattform zu melden.<br \/>\nEinige der Plattformbetreiber befinden sich m\u00f6glicherweise ausserhalb des Schweiz. Informationen zur Datenbekanntgabe ins Ausland finden Sie weiter unten.<\/p>\n<h2>Newsletter<\/h2>\n<p>Wenn Sie den Newsletter abonnieren, erkl\u00e4ren Sie sich mit dem Newsletter-Empfang und der Datenverarbeitung durch unseren Versanddienstleister einverstanden. Wir erfassen aufgrund unserer berechtigten Interessen zur Optimierung und Analyse unseres Angebots Angaben zu \u00d6ffnungs- und Klickraten unserer Newsletter und speichern diese verkn\u00fcpft mit Ihrer E-Mail-Adresse ab.<\/p>\n<p>Der Newsletterversand erfolgt durch den Versanddienstleister CleverReach GmbH, Schafj\u00fcckenweg 2, D-26180 Rastede. Die Datenbearbeitung basiert auf Grundlage der DSGVO.<\/p>\n<p>Ihre Einwilligung zum Erhalt des Newsletters k\u00f6nnen Sie jederzeit widerrufen. Am Ende jedes Newsletters finden Sie den Link zur K\u00fcndigung.<\/p>\n<h2>Daten\u00fcbermittlung ins Ausland<\/h2>\n<p>Die Stiftung Carelink kann im Rahmen ihrer gesch\u00e4ftlichen Aktivit\u00e4ten und der Bearbeitung von Personendaten gem\u00e4ss dieser Datenschutzerkl\u00e4rung \u2013 soweit gesetzlich zul\u00e4ssig und erforderlich \u2013 Personendaten vertrauensw\u00fcrdigen Dritten (nachfolgend die <b>\u201eDrittempf\u00e4nger\u201e<\/b>) bekanntgeben, welche Ihre Personendaten f\u00fcr die Stiftung Carelink bearbeiten. Insbesondere k\u00f6nnen dies Dienstleistungspartner der Stiftung Carelink sein (z.B. IT-Dienstleister, Dritte, welche bei der Durchf\u00fchrung oder Organisation von Veranstaltungen involviert sind, Anbieter von Support-Dienstleistungen, Kundinnen und Kunden im Ausland).<\/p>\n<p>Die Drittempf\u00e4nger k\u00f6nnen sich in der Schweiz wie auch im Ausland befinden. Wenn das entsprechende Land keinen angemessenen gesetzlichen Datenschutz bietet, sorgt Stiftung Carelink gem\u00e4ss den gesetzlichen Vorgaben daf\u00fcr, dass Personendaten gem\u00e4ss dem schweizerischen Datenschutzniveau angemessen gesch\u00fctzt sind (insb. durch das Abschliessen von EU Model Clauses und\/oder Vorhandensein von sog. Binding Corporate Rules).<\/p>\n<p><b>Weitergabe Ihrer Personendaten<br \/>\n<\/b>Wir k\u00f6nnen Ihre Personendaten innerhalb unserer Stiftung weitergeben. Die Weitergabe kann der internen Administration dienen.<\/p>\n<p><b>An Dritte<br \/>\n<\/b>Wir k\u00f6nnen Ihre Personendaten auch an Unternehmen ausserhalb unserer Stiftung weitergeben, wenn wir deren Dienstleistungen in Anspruch nehmen. Prim\u00e4r bearbeiten diese Dienstleister Ihre Personendaten in unserem Auftrag als Auftragsbearbeiter. Wir verpflichten unsere Auftragsbearbeiter mittels Auftragsverarbeitungsvertrags (AV) Ihre Personendaten ausschliesslich nach unseren Instruktionen zu bearbeiten sowie geeignete\u00a0Massnahmen zur Datensicherheit zu treffen.<\/p>\n<p>Zur Weitergabe Ihrer Personendaten an andere Dritte zu deren eigenen Zwecken bedarf Ihrer Einwilligung, ausser es bestehe eine Rechtsgrundlage, die uns zur Weitergabe gesetzlich verpflichtet.<br \/>\nBitte beachten Sie auch unsere Cookie-Informationen zur selbst\u00e4ndigen Datenerhebung durch Drittanbieter, deren Tools wir auf unseren Webseiten und Apps eingebunden haben.<\/p>\n<p>Wir erhalten Daten, die der beruflichen Schweigepflicht unterstehen.<\/p>\n<p><b>Schweiz und EU<br \/>\n<\/b>Wir bearbeiten und speichern Personendaten in der Schweiz und in der Europ\u00e4ischen Union. Die DSGVO gew\u00e4hrt ein der Schweiz gleichwertiges Datenschutzniveau.<\/p>\n<p>Personendaten d\u00fcrfen nur dann ohne Weiteres ins Ausland gelangen (oder vom Ausland aus abrufbar werden), wenn der betreffende Staat ein Schutzniveau aufweist, das aus schweizerischer Sicht angemessen ist.<br \/>\nL\u00e4nder ausserhalb der EU verf\u00fcgen oft nicht \u00fcber Gesetze, die Ihre Personendaten im gleichen Umfang wie in der Schweiz oder in der EU sch\u00fctzen. Sofern wir Ihre Personendaten in einen solchen Staat \u00fcbermitteln, stellen wir den Schutz Ihrer Personendaten in angemessener Weise sicher.<\/p>\n<p>Ein Mittel zur Sicherstellung eines angemessenen Datenschutzes ist vertraglicher Natur, die den erforderlichen Datenschutz Ihrer Personendaten im Ausland sicherstellen. Oft gelangen Standardvertragsklauseln (genehmigt von ED\u00d6B Eidgen\u00f6ssischen Datenschutz- und \u00d6ffentlichkeitsbeauftragten) zur Anwendung. Vertraglichen Vorkehrungen gleichen einen schw\u00e4cheren oder fehlenden gesetzlichen Schutz oft nicht vollst\u00e4ndig aus, so dass Ihre Einwilligung n\u00f6tig w\u00e4re.<\/p>\n<p><b>Drittland\u00fcbermittlung<br \/>\n<\/b>Auf unserer Webseite sind Dienste von Unternehmen mit Sitz in den USA oder Beziehungen in die USA eingebunden. In diese Datenbearbeitung m\u00fcssen Sie einwilligen. Diesfalls kann der uneingeschr\u00e4nkte Zugriff durch US-Beh\u00f6rden auf Ihre Personendaten nicht ausgeschlossen werden. Der Rechtsweg kann nicht beschritten werden. In folgenden F\u00e4llen k\u00f6nnen wir den Schutz Ihrer Personendaten nicht in angemessener Weise sicherstellen, auch nicht mittels Standarddatenschutzklauseln.<\/p>\n<p>Es handelt sich nicht abschliessend auch um die Dienstleister der Sozialen Medien (vgl. oben)<\/p>\n<p>Hingegen kann bei allen vorgenannten Unternehmen mit Sitz oder Niederlassung in den USA nicht ausgeschlossen werden, dass diese den US-Beh\u00f6rden Zugriff auf Ihre Personendaten gew\u00e4hren m\u00fcssen (US-CLOUD Act) und zwar selbst dann, wenn die Speicherung nicht in den USA erfolgt.<\/p>\n<p>Daher erfolgt eine solche Datenbearbeitung nur auf Ihre explizite Einwilligung hin.<br \/>\nAktuell werden nur Daten nach Deutschland \u00fcbermittelt. Somit an ein Land mit angemessenem Datenschutzniveau. Weitere L\u00e4nder k\u00f6nnen wir zurzeit nicht auff\u00fchren.<\/p>\n<h2>Dauer der Aufbewahrung von Personendaten<\/h2>\n<p>Die Stiftung Carelink speichert Personendaten nur so lange, wie es f\u00fcr die Erf\u00fcllung der vertraglichen und gesetzlichen Pflichten oder die sonst mit der Datenbearbeitung verfolgten Zwecke erforderlich ist (z.B. f\u00fcr die Dauer der Gesch\u00e4ftsbeziehung, Vertragserf\u00fcllung sowie dar\u00fcber hinaus gem\u00e4ss den gesetzlichen Aufbewahrungs- und Dokumentationspflichten). Sollten wir Ihrer Daten l\u00e4nger speichern wollen, werden wir Sie um Ihre Einwilligung bitten.<\/p>\n<h2>Rechte der betroffenen Person<\/h2>\n<p><b><br \/>\n<\/b>Sie haben jederzeit das Recht von der Stiftung Carelink Auskunft dar\u00fcber zu verlangen, \u00fcber welche Personendaten Stiftung Carelink von Ihnen verf\u00fcgt und wie diese bearbeitet werden. Dieses Recht bezieht sich nur auf die eigenen Personendaten. Sollten in einem Dokument bzw. einer Datei neben den eigenen Personendaten Personendaten von Drittpersonen enthalten sein, werden diese entfernt bzw. in geeigneter Weise anonymisiert. Personendaten von Mitarbeitenden ihrer Kundinnen und Kunden gibt die Stiftung Carelink den Kundinnen und Kunden nicht weiter. Vorbehalten bleibt eine anders lautende Vereinbarung zwischen der Kundin und dem Kunden, dem Mitarbeitenden\/der Mitarbeitenden und der Stiftung Carelink oder das ausdr\u00fcckliche Einverst\u00e4ndnis des Mitarbeitenden\/der Mitarbeitenden zur Weitergabe seiner\/ihrer Informationen an die Kundin oder dem Kunden.<\/p>\n<p>Zudem haben Sie jederzeit das Recht, von Stiftung Carelink die Berichtigung oder L\u00f6schung Ihrer Personendaten zu verlangen und\/oder die Datenbearbeitung einzuschr\u00e4nken. Vorbehalten bleiben gesetzlich vorgesehene Einschr\u00e4nkungen, welche die Stiftung Carelink diesbez\u00fcglich geltend machen kann (z.B. gesetzliche Verpflichtung zur oder \u00fcberwiegendes Interesse der Stiftung Carelink an der Aufbewahrung oder Bearbeitung gewisser Personendaten).<\/p>\n<p>Sodann k\u00f6nnen Sie jederzeit den Widerruf jeglicher Einwilligung beantragen. Beachten Sie, dass die Aus\u00fcbung dieser Rechte im Konflikt zu vertraglichen Abmachungen stehen k\u00f6nnen und dies bspw. Kostenfolgen haben kann.<\/p>\n<p><b>Rechtsweg<\/b><br \/>\nIhre Rechte k\u00f6nnen Sie auch gerichtlich durchsetzen oder bei der zust\u00e4ndigen Aufsichtsbeh\u00f6rde eine Meldung einreichen. In der Schweiz ist daf\u00fcr der Eidgen\u00f6ssische Datenschutz- und \u00d6ffentlichkeitsbeauftragte (ED\u00d6B) zust\u00e4ndig. Weitergehende Informationen finden Sie unter: http:\/\/www.edoeb.admin.ch.<\/p>\n<\/div><\/section>\n<\/p>\n<\/div><\/div><\/div><!-- close content main div --><\/div><\/div>\n<style type=\"text\/css\" data-created_by=\"avia_inline_auto\" id=\"style-css-av-8q84p-230569bdcd67b9ebd8f571f60b4edcd2\">\n.avia-section.av-8q84p-230569bdcd67b9ebd8f571f60b4edcd2{\nbackground-color:#eae7e4;\nbackground-image:unset;\n}\n<\/style>\n<div id='av_section_3'  class='avia-section av-8q84p-230569bdcd67b9ebd8f571f60b4edcd2 main_color avia-section-default avia-no-border-styling  avia-builder-el-5  el_after_av_section  avia-builder-el-last  avia-bg-style-scroll container_wrap fullsize'  ><div class='container av-section-cont-open' ><div class='template-page content  av-content-full alpha units'><div class='post-entry post-entry-type-page post-entry-988'><div class='entry-content-wrapper clearfix'>\n\n<style type=\"text\/css\" data-created_by=\"avia_inline_auto\" id=\"style-css-av-lll6zyu4-6bc2f04bbbfc65b2aee435823c2d09da\">\n#top .av_textblock_section.av-lll6zyu4-6bc2f04bbbfc65b2aee435823c2d09da .avia_textblock{\ncolor:#2b6d81;\n}\n<\/style>\n<section  class='av_textblock_section av-lll6zyu4-6bc2f04bbbfc65b2aee435823c2d09da'  itemscope=\"itemscope\" itemtype=\"https:\/\/schema.org\/CreativeWork\" ><div class='avia_textblock av_inherit_color'  itemprop=\"text\" ><h2>Nutzungsbestimmungen <strong><br \/>\n<\/strong><\/h2>\n<ol>\n<li><strong>Zweck und Inhalt der Website<\/strong><\/li>\n<li><strong>Allgemeiner Haftungsausschluss<\/strong><br \/>\nAlle Angaben auf unserer Website wurden sorgf\u00e4ltig gepr\u00fcft. Wir bem\u00fchen uns, unser Informationsangebot aktuell, inhaltlich richtig und vollst\u00e4ndig anzubieten. Trotzdem kann das Auftreten von Fehlern nicht v\u00f6llig ausgeschlossen werden, womit wir keine Garantie f\u00fcr Vollst\u00e4ndigkeit, Richtigkeit und Aktualit\u00e4t von Informationen auch journalistisch-redaktioneller Art \u00fcbernehmen k\u00f6nnen. Haftungsanspr\u00fcche aus Sch\u00e4den materieller oder ideeller Art, die durch die Nutzung der angebotenen Informationen verursacht wurden, sind ausgeschlossen, sofern kein nachweislich vors\u00e4tzliches oder grob fahrl\u00e4ssiges Verschulden vorliegt.<\/li>\n<\/ol>\n<p>Wir k\u00f6nnen nach eigenem Ermessen und ohne Ank\u00fcndigung Texte ver\u00e4ndern oder l\u00f6schen und sind nicht verpflichtet, Inhalte zu aktualisieren. Die Benutzung der Website geschieht auf eigene Gefahr der Besucherin oder des Besuchers. Der Herausgeber, seine Auftraggeber oder Partner sind nicht verantwortlich f\u00fcr Sch\u00e4den wie direkte, indirekte, zuf\u00e4llige, vorab konkret zu bestimmende oder Folgesch\u00e4den, die angeblich durch den Besuch unserer Website entstanden sind, und \u00fcbernehmen hierf\u00fcr folglich keine Haftung.<\/p>\n<p>Wir \u00fcbernehmen ebenfalls keine Verantwortung und Haftung f\u00fcr die Inhalte und die Verf\u00fcgbarkeit von Websites Dritter, die \u00fcber externe Links dieser Website erreichbar sind. F\u00fcr den Inhalt der verlinkten Seiten sind ausschliesslich deren Betreiber verantwortlich. Der Herausgeber distanziert sich damit ausdr\u00fccklich von allen Inhalten Dritter, die m\u00f6glicherweise straf- oder haftungsrechtlich relevant sind oder gegen die guten Sitten verstossen. Der Zugriff und die Nutzung solcher Websites erfolgen auf eigene Gefahr der Nutzerinnen und Nutzer.<\/p>\n<ul>\n<li><strong>Urheberrecht<br \/>\n<\/strong>Falls nicht anders gekennzeichnet, d\u00fcrfen Texte der Website mit Quellenverweis frei verwendet werden. Bilder, Fotos, Videos und weitere Unterlagen sind urheberrechtlich gesch\u00fctzt. Die kommerzielle Nutzung dieser Inhalte durch jede Art der Vervielf\u00e4ltigung, Verbreitung und Ver\u00e4nderung ist ohne vorherige schriftliche Zustimmung nicht gestattet.<\/li>\n<li><strong>Nutzerinhalte<\/strong><br \/>\nSeien Sie sich bewusst, dass alle Inhalte, die Sie auf der Website ver\u00f6ffentlichen oder zur Ver\u00f6ffentlichung zur Verf\u00fcgung stellen (z.B. Testimonial, Blog-Beitrag), von anderen Nutzerinnen und Nutzern gesehen werden. Wir erheben keinerlei Anspruch auf Eigentumsrechte f\u00fcr Texte, Bilder, Dateien, Fotos, Videos, Urheberwerke oder andere von Ihnen auf der Website ver\u00f6ffentlichten Materialien. Nach Ver\u00f6ffentlichung Ihrer Nutzerinhalte behalten Sie alle Eigentumsrechte.<\/li>\n<\/ul>\n<p>Sie sind verantwortlich f\u00fcr die Inhalte, die Sie auf der Website ver\u00f6ffentlichen und d\u00fcrfen auf der Website keine Inhalte ver\u00f6ffentlichen, \u00fcbertragen oder teilen, die Sie nicht ver\u00f6ffentlichen d\u00fcrfen (Urheberrecht, verbotene Inhalte). Wir behalten uns das Recht vor, jegliche Informationen und Daten von Personen, die gegen diese Regeln verstossen, zu entfernen.<\/p>\n<\/div><\/section>\n\n","protected":false},"excerpt":{"rendered":"","protected":false},"author":1,"featured_media":0,"parent":0,"menu_order":0,"comment_status":"closed","ping_status":"closed","template":"","meta":{"footnotes":""},"class_list":["post-988","page","type-page","status-publish","hentry"],"yoast_head":"<!-- This site is optimized with the Yoast SEO plugin v24.7 - https:\/\/yoast.com\/wordpress\/plugins\/seo\/ -->\n<title>Impressum \/ Protection des donn\u00e9es - Care and Peer<\/title>\n<meta name=\"robots\" content=\"index, follow, max-snippet:-1, max-image-preview:large, max-video-preview:-1\" \/>\n<link rel=\"canonical\" href=\"https:\/\/careandpeer.ch\/fr\/impressum-datenschutz\/\" \/>\n<meta property=\"og:locale\" content=\"fr_FR\" \/>\n<meta property=\"og:type\" content=\"article\" \/>\n<meta property=\"og:title\" content=\"Impressum \/ Protection des donn\u00e9es - Care and Peer\" \/>\n<meta property=\"og:url\" content=\"https:\/\/careandpeer.ch\/fr\/impressum-datenschutz\/\" \/>\n<meta property=\"og:site_name\" content=\"Care and Peer\" \/>\n<meta property=\"article:modified_time\" content=\"2023-10-04T13:41:31+00:00\" \/>\n<meta name=\"twitter:card\" content=\"summary_large_image\" \/>\n<meta name=\"twitter:label1\" content=\"Dur\u00e9e de lecture estim\u00e9e\" \/>\n\t<meta name=\"twitter:data1\" content=\"21 minutes\" \/>\n<script type=\"application\/ld+json\" class=\"yoast-schema-graph\">{\"@context\":\"https:\/\/schema.org\",\"@graph\":[{\"@type\":\"WebPage\",\"@id\":\"https:\/\/careandpeer.ch\/fr\/impressum-datenschutz\/\",\"url\":\"https:\/\/careandpeer.ch\/fr\/impressum-datenschutz\/\",\"name\":\"Impressum \/ Protection des donn\u00e9es - Care and Peer\",\"isPartOf\":{\"@id\":\"https:\/\/careandpeer.ch\/#website\"},\"datePublished\":\"2023-08-21T18:10:28+00:00\",\"dateModified\":\"2023-10-04T13:41:31+00:00\",\"breadcrumb\":{\"@id\":\"https:\/\/careandpeer.ch\/fr\/impressum-datenschutz\/#breadcrumb\"},\"inLanguage\":\"fr-FR\",\"potentialAction\":[{\"@type\":\"ReadAction\",\"target\":[\"https:\/\/careandpeer.ch\/fr\/impressum-datenschutz\/\"]}]},{\"@type\":\"BreadcrumbList\",\"@id\":\"https:\/\/careandpeer.ch\/fr\/impressum-datenschutz\/#breadcrumb\",\"itemListElement\":[{\"@type\":\"ListItem\",\"position\":1,\"name\":\"Startseite\",\"item\":\"https:\/\/careandpeer.ch\/home\/\"},{\"@type\":\"ListItem\",\"position\":2,\"name\":\"Impressum \/ Protection des donn\u00e9es\"}]},{\"@type\":\"WebSite\",\"@id\":\"https:\/\/careandpeer.ch\/#website\",\"url\":\"https:\/\/careandpeer.ch\/\",\"name\":\"Care and Peer\",\"description\":\"Eine weitere WordPress-Website\",\"potentialAction\":[{\"@type\":\"SearchAction\",\"target\":{\"@type\":\"EntryPoint\",\"urlTemplate\":\"https:\/\/careandpeer.ch\/?s={search_term_string}\"},\"query-input\":{\"@type\":\"PropertyValueSpecification\",\"valueRequired\":true,\"valueName\":\"search_term_string\"}}],\"inLanguage\":\"fr-FR\"}]}<\/script>\n<!-- \/ Yoast SEO plugin. -->","yoast_head_json":{"title":"Impressum \/ Protection des donn\u00e9es - Care and Peer","robots":{"index":"index","follow":"follow","max-snippet":"max-snippet:-1","max-image-preview":"max-image-preview:large","max-video-preview":"max-video-preview:-1"},"canonical":"https:\/\/careandpeer.ch\/fr\/impressum-datenschutz\/","og_locale":"fr_FR","og_type":"article","og_title":"Impressum \/ Protection des donn\u00e9es - Care and Peer","og_url":"https:\/\/careandpeer.ch\/fr\/impressum-datenschutz\/","og_site_name":"Care and Peer","article_modified_time":"2023-10-04T13:41:31+00:00","twitter_card":"summary_large_image","twitter_misc":{"Dur\u00e9e de lecture estim\u00e9e":"21 minutes"},"schema":{"@context":"https:\/\/schema.org","@graph":[{"@type":"WebPage","@id":"https:\/\/careandpeer.ch\/fr\/impressum-datenschutz\/","url":"https:\/\/careandpeer.ch\/fr\/impressum-datenschutz\/","name":"Impressum \/ Protection des donn\u00e9es - Care and Peer","isPartOf":{"@id":"https:\/\/careandpeer.ch\/#website"},"datePublished":"2023-08-21T18:10:28+00:00","dateModified":"2023-10-04T13:41:31+00:00","breadcrumb":{"@id":"https:\/\/careandpeer.ch\/fr\/impressum-datenschutz\/#breadcrumb"},"inLanguage":"fr-FR","potentialAction":[{"@type":"ReadAction","target":["https:\/\/careandpeer.ch\/fr\/impressum-datenschutz\/"]}]},{"@type":"BreadcrumbList","@id":"https:\/\/careandpeer.ch\/fr\/impressum-datenschutz\/#breadcrumb","itemListElement":[{"@type":"ListItem","position":1,"name":"Startseite","item":"https:\/\/careandpeer.ch\/home\/"},{"@type":"ListItem","position":2,"name":"Impressum \/ Protection des donn\u00e9es"}]},{"@type":"WebSite","@id":"https:\/\/careandpeer.ch\/#website","url":"https:\/\/careandpeer.ch\/","name":"Care and Peer","description":"Eine weitere WordPress-Website","potentialAction":[{"@type":"SearchAction","target":{"@type":"EntryPoint","urlTemplate":"https:\/\/careandpeer.ch\/?s={search_term_string}"},"query-input":{"@type":"PropertyValueSpecification","valueRequired":true,"valueName":"search_term_string"}}],"inLanguage":"fr-FR"}]}},"_links":{"self":[{"href":"https:\/\/careandpeer.ch\/fr\/wp-json\/wp\/v2\/pages\/988","targetHints":{"allow":["GET"]}}],"collection":[{"href":"https:\/\/careandpeer.ch\/fr\/wp-json\/wp\/v2\/pages"}],"about":[{"href":"https:\/\/careandpeer.ch\/fr\/wp-json\/wp\/v2\/types\/page"}],"author":[{"embeddable":true,"href":"https:\/\/careandpeer.ch\/fr\/wp-json\/wp\/v2\/users\/1"}],"replies":[{"embeddable":true,"href":"https:\/\/careandpeer.ch\/fr\/wp-json\/wp\/v2\/comments?post=988"}],"version-history":[{"count":3,"href":"https:\/\/careandpeer.ch\/fr\/wp-json\/wp\/v2\/pages\/988\/revisions"}],"predecessor-version":[{"id":1015,"href":"https:\/\/careandpeer.ch\/fr\/wp-json\/wp\/v2\/pages\/988\/revisions\/1015"}],"wp:attachment":[{"href":"https:\/\/careandpeer.ch\/fr\/wp-json\/wp\/v2\/media?parent=988"}],"curies":[{"name":"wp","href":"https:\/\/api.w.org\/{rel}","templated":true}]}}